{"id":21,"date":"2021-12-15T08:23:37","date_gmt":"2021-12-15T07:23:37","guid":{"rendered":"http:\/\/bialydunajec.com.pl\/dla-turysty\/?page_id=21"},"modified":"2022-04-01T14:53:06","modified_gmt":"2022-04-01T12:53:06","slug":"zima-z-gorki","status":"publish","type":"page","link":"http:\/\/bialydunajec.com.pl\/dla-turysty\/atrakcje-turystyczne\/zima-z-gorki\/","title":{"rendered":"Zim\u0105 z g\u00f3rki"},"content":{"rendered":"\n<div style=\"height:20px\" aria-hidden=\"true\" class=\"wp-block-spacer\"><\/div>\n\n\n\n<p>Na terenie gminy funkcjonuj\u0105 dwa o\u015brodki narciarskie: <strong>\u201eU Steni\u201d w Gliczarowie G\u00f3rnym<\/strong> oraz <strong>bia\u0142odunajecki \u201eToko\u2013Land\u201d<\/strong>. Na narciarzy czekaj\u0105 trasy zjazdowe o zr\u00f3\u017cnicowanym poziomie trudno\u015bci, wypo\u017cyczalnie sprz\u0119tu sportowego, a dla pocz\u0105tkuj\u0105cych \u2013 pomoc wykwalifikowanych instruktor\u00f3w.<\/p>\n\n\n\n<div style=\"height:21px\" aria-hidden=\"true\" class=\"wp-block-spacer\"><\/div>\n\n\n\n<p><strong>Stacja narciarska &#8222;u Steni&#8221;<\/strong> <strong>w Gliczarowie G\u00f3rnym<\/strong><\/p>\n\n\n\n<p>3 wyci\u0105gi o \u0142\u0105cznej d\u0142ugo\u015bci trasy zjazdowej ponad 1000 m:<\/p>\n\n\n\n<ul class=\"wp-block-list\"><li><strong>Wyci\u0105g&nbsp;1<\/strong>: \u0142atwy &#8211; d\u0142ugo\u015b\u0107 &#8211; 400 m &#8211; r\u00f3\u017cnica wzniesie\u0144 &#8211; 75 m- przepustowo\u015b\u0107 &#8211; 720 os\/h<\/li><li><strong>Wyci\u0105g&nbsp;2<\/strong>: przeznaczony dla dzieci &#8211; d\u0142ugo\u015b\u0107 &#8211; 60 m<\/li><li><strong>Wyci\u0105g 3<\/strong>: dla zaawansowanych &#8211; d\u0142ugo\u015b\u0107 &#8211; 500 m- r\u00f3\u017cnica wzniesie\u0144 &#8211; 85 m- przepustowo\u015b\u0107 &#8211; 900 os\/h<\/li><\/ul>\n\n\n\n<p>Wyci\u0105gi obs\u0142ugiwane s\u0105 w systemie kart magnetycznych. Trasy s\u0105 sztucznie na\u015bnie\u017cane, o\u015bwietlone i ratrakowane. Rozpoczynaj\u0105 si\u0119 w Fi\u015bkowej Dolinie, a ko\u0144cz\u0105 na Dziadk\u00f3wce. Na stoku dzia\u0142a szk\u00f3\u0142ka narciarska i snowboardowa. W pobli\u017cu stacji dwa bardzo dobrze utrzymane i o\u015bwietlone parkingi, zaplecze gastronomiczne, wypo\u017cyczalnie sprz\u0119tu narciarskiego i snowboardowego oraz sklep sportowy. Na miejscu mo\u017cliwo\u015b\u0107 serwisowania sprz\u0119tu (narty, snowaboard).<\/p>\n\n\n\n<div style=\"height:10px\" aria-hidden=\"true\" class=\"wp-block-spacer\"><\/div>\n\n\n\n<figure class=\"wp-block-gallery has-nested-images columns-2 is-cropped wp-block-gallery-1 is-layout-flex wp-block-gallery-is-layout-flex\">\n<figure class=\"wp-block-image size-large is-style-default\"><a href=\"http:\/\/bialydunajec.com.pl\/dla-turysty\/wp-content\/uploads\/sites\/2\/2022\/03\/4-1-scaled.jpg\" rel=\"lightbox[21]\"><img loading=\"lazy\" decoding=\"async\" width=\"1200\" height=\"401\" data-id=\"549\" src=\"http:\/\/bialydunajec.com.pl\/dla-turysty\/wp-content\/uploads\/sites\/2\/2022\/03\/4-1-1200x401.jpg\" alt=\"\" class=\"wp-image-549\" srcset=\"http:\/\/bialydunajec.com.pl\/dla-turysty\/wp-content\/uploads\/sites\/2\/2022\/03\/4-1-1200x401.jpg 1200w, http:\/\/bialydunajec.com.pl\/dla-turysty\/wp-content\/uploads\/sites\/2\/2022\/03\/4-1-1536x513.jpg 1536w, http:\/\/bialydunajec.com.pl\/dla-turysty\/wp-content\/uploads\/sites\/2\/2022\/03\/4-1-2048x684.jpg 2048w\" sizes=\"auto, (max-width: 1200px) 100vw, 1200px\" \/><\/a><\/figure>\n<\/figure>\n\n\n\n<figure class=\"wp-block-gallery has-nested-images columns-default is-cropped wp-block-gallery-2 is-layout-flex wp-block-gallery-is-layout-flex\">\n<figure class=\"wp-block-image size-large is-style-default\"><a href=\"http:\/\/bialydunajec.com.pl\/dla-turysty\/wp-content\/uploads\/sites\/2\/2022\/03\/3-1-scaled.jpg\" rel=\"lightbox[21]\"><img loading=\"lazy\" decoding=\"async\" width=\"2560\" height=\"1207\" data-id=\"550\" src=\"http:\/\/bialydunajec.com.pl\/dla-turysty\/wp-content\/uploads\/sites\/2\/2022\/03\/3-1-scaled.jpg\" alt=\"\" class=\"wp-image-550\" srcset=\"http:\/\/bialydunajec.com.pl\/dla-turysty\/wp-content\/uploads\/sites\/2\/2022\/03\/3-1-scaled.jpg 2560w, http:\/\/bialydunajec.com.pl\/dla-turysty\/wp-content\/uploads\/sites\/2\/2022\/03\/3-1-1200x566.jpg 1200w, http:\/\/bialydunajec.com.pl\/dla-turysty\/wp-content\/uploads\/sites\/2\/2022\/03\/3-1-1536x724.jpg 1536w, http:\/\/bialydunajec.com.pl\/dla-turysty\/wp-content\/uploads\/sites\/2\/2022\/03\/3-1-2048x966.jpg 2048w\" sizes=\"auto, (max-width: 2560px) 100vw, 2560px\" \/><\/a><\/figure>\n\n\n\n<figure class=\"wp-block-image size-large is-style-default\"><a href=\"http:\/\/bialydunajec.com.pl\/dla-turysty\/wp-content\/uploads\/sites\/2\/2022\/03\/1.jpeg\" rel=\"lightbox[21]\"><img loading=\"lazy\" decoding=\"async\" width=\"1024\" height=\"768\" data-id=\"548\" src=\"http:\/\/bialydunajec.com.pl\/dla-turysty\/wp-content\/uploads\/sites\/2\/2022\/03\/1.jpeg\" alt=\"\" class=\"wp-image-548\" srcset=\"http:\/\/bialydunajec.com.pl\/dla-turysty\/wp-content\/uploads\/sites\/2\/2022\/03\/1.jpeg 1024w, http:\/\/bialydunajec.com.pl\/dla-turysty\/wp-content\/uploads\/sites\/2\/2022\/03\/1-900x675.jpeg 900w\" sizes=\"auto, (max-width: 1024px) 100vw, 1024px\" \/><\/a><\/figure>\n<figcaption class=\"blocks-gallery-caption\">Stacja narciarska &#8222;u Steni&#8221;  w Gliczarowie G\u00f3rnym <br><\/figcaption><\/figure>\n\n\n\n<div style=\"height:10px\" aria-hidden=\"true\" class=\"wp-block-spacer\"><\/div>\n\n\n\n<hr class=\"wp-block-separator\"\/>\n\n\n\n<div style=\"height:20px\" aria-hidden=\"true\" class=\"wp-block-spacer\"><\/div>\n\n\n\n<p><strong>Stacja Narciarska \u201eToco-Land\u201d w Bia\u0142ym Dunajcu<\/strong><\/p>\n\n\n\n<p>2 wyci\u0105gi o \u0142\u0105cznej d\u0142ugo\u015bci trasy zjazdowej ponad 1000 m:<\/p>\n\n\n\n<ul class=\"wp-block-list\"><li>Wyci\u0105g <strong>Ma\u0142a Guba\u0142\u00f3wka<\/strong>: d\u0142ugo\u015b\u0107 750 m &#8211; r\u00f3\u017cnica wzniesie\u0144 115,5m &#8211; nachylenie 11.08\u00b0<\/li><\/ul>\n\n\n\n<ul class=\"wp-block-list\"><li>Wyci\u0105g <strong>Karuzela:&nbsp;<\/strong>d\u0142ugo\u015b\u0107 350m<\/li><\/ul>\n\n\n\n<p>Trasy zjazdowe s\u0105 o\u015bwietlone i sztucznie za\u015bnie\u017cane, przygotowywane w profesjonalny spos\u00f3b za pomoc\u0105 ratraka. Przy wyci\u0105gu znajduje si\u0119 ma\u0142a gastronomia (oferuj\u0105ca ciep\u0142e potrawy i napoje), wypo\u017cyczalnia sprz\u0119tu narciarskiego, bezp\u0142atny parking i toalety. Pocz\u0105tkuj\u0105cy narciarze mog\u0105 skorzysta\u0107 ze szk\u00f3\u0142ki narciarskiej pod okiem profesjonalnych instruktor\u00f3w PZN. Dla grup zorganizowanych udzielane s\u0105 korzystne rabaty. <\/p>\n\n\n\n<figure class=\"wp-block-gallery has-nested-images columns-default is-cropped wp-block-gallery-3 is-layout-flex wp-block-gallery-is-layout-flex\">\n<figure class=\"wp-block-image size-large is-style-default\"><a href=\"http:\/\/bialydunajec.com.pl\/dla-turysty\/wp-content\/uploads\/sites\/2\/2022\/03\/2.jpg\" rel=\"lightbox[21]\"><img loading=\"lazy\" decoding=\"async\" width=\"2048\" height=\"1536\" data-id=\"552\" src=\"http:\/\/bialydunajec.com.pl\/dla-turysty\/wp-content\/uploads\/sites\/2\/2022\/03\/2.jpg\" alt=\"\" class=\"wp-image-552\" srcset=\"http:\/\/bialydunajec.com.pl\/dla-turysty\/wp-content\/uploads\/sites\/2\/2022\/03\/2.jpg 2048w, http:\/\/bialydunajec.com.pl\/dla-turysty\/wp-content\/uploads\/sites\/2\/2022\/03\/2-900x675.jpg 900w, http:\/\/bialydunajec.com.pl\/dla-turysty\/wp-content\/uploads\/sites\/2\/2022\/03\/2-1536x1152.jpg 1536w\" sizes=\"auto, (max-width: 2048px) 100vw, 2048px\" \/><\/a><\/figure>\n\n\n\n<figure class=\"wp-block-image size-large is-style-default\"><a href=\"http:\/\/bialydunajec.com.pl\/dla-turysty\/wp-content\/uploads\/sites\/2\/2022\/03\/3-2.jpg\" rel=\"lightbox[21]\"><img loading=\"lazy\" decoding=\"async\" width=\"2048\" height=\"1536\" data-id=\"553\" src=\"http:\/\/bialydunajec.com.pl\/dla-turysty\/wp-content\/uploads\/sites\/2\/2022\/03\/3-2.jpg\" alt=\"\" class=\"wp-image-553\" srcset=\"http:\/\/bialydunajec.com.pl\/dla-turysty\/wp-content\/uploads\/sites\/2\/2022\/03\/3-2.jpg 2048w, http:\/\/bialydunajec.com.pl\/dla-turysty\/wp-content\/uploads\/sites\/2\/2022\/03\/3-2-900x675.jpg 900w, http:\/\/bialydunajec.com.pl\/dla-turysty\/wp-content\/uploads\/sites\/2\/2022\/03\/3-2-1536x1152.jpg 1536w\" sizes=\"auto, (max-width: 2048px) 100vw, 2048px\" \/><\/a><\/figure>\n<\/figure>\n\n\n\n<figure class=\"wp-block-gallery has-nested-images columns-default is-cropped wp-block-gallery-4 is-layout-flex wp-block-gallery-is-layout-flex\">\n<figure class=\"wp-block-image size-large is-style-default\"><a href=\"http:\/\/bialydunajec.com.pl\/dla-turysty\/wp-content\/uploads\/sites\/2\/2022\/03\/1-1-edited.jpg\" rel=\"lightbox[21]\"><img loading=\"lazy\" decoding=\"async\" width=\"2048\" height=\"1152\" data-id=\"554\" src=\"http:\/\/bialydunajec.com.pl\/dla-turysty\/wp-content\/uploads\/sites\/2\/2022\/03\/1-1-edited.jpg\" alt=\"\" class=\"wp-image-554\" srcset=\"http:\/\/bialydunajec.com.pl\/dla-turysty\/wp-content\/uploads\/sites\/2\/2022\/03\/1-1-edited.jpg 2048w, http:\/\/bialydunajec.com.pl\/dla-turysty\/wp-content\/uploads\/sites\/2\/2022\/03\/1-1-edited-1200x675.jpg 1200w, http:\/\/bialydunajec.com.pl\/dla-turysty\/wp-content\/uploads\/sites\/2\/2022\/03\/1-1-edited-1536x864.jpg 1536w\" sizes=\"auto, (max-width: 2048px) 100vw, 2048px\" \/><\/a><\/figure>\n<figcaption class=\"blocks-gallery-caption\">Stacja Narciarska \u201eToco-Land\u201d w Bia\u0142ym Dunajcu<\/figcaption><\/figure>\n\n\n\n<div style=\"height:25px\" aria-hidden=\"true\" class=\"wp-block-spacer\"><\/div>\n\n\n\n<blockquote class=\"wp-block-quote is-layout-flow wp-block-quote-is-layout-flow\"><p>W promieniu kilkunastu kilometr\u00f3w od Bia\u0142ego Dunajca dzia\u0142a szereg o\u015brodk\u00f3w narciarskich, miedzy innymi w Suchem, Z\u0119bie, Czerwiennem, Zakopanem &#8211; Harendzie, Bukowinie i Bia\u0142ce Tatrza\u0144skiej.<\/p><\/blockquote>\n\n\n\n<p><\/p>\n","protected":false},"excerpt":{"rendered":"<p>Na terenie gminy funkcjonuj\u0105 dwa o\u015brodki narciarskie: \u201eU Steni\u201d w Gliczarowie G\u00f3rnym oraz bia\u0142odunajecki \u201eToko\u2013Land\u201d. Na narciarzy czekaj\u0105 trasy zjazdowe o zr\u00f3\u017cnicowanym poziomie trudno\u015bci, wypo\u017cyczalnie sprz\u0119tu sportowego, a dla pocz\u0105tkuj\u0105cych \u2013 pomoc wykwalifikowanych instruktor\u00f3w. Stacja narciarska &#8222;u Steni&#8221; w Gliczarowie G\u00f3rnym 3 wyci\u0105gi o \u0142\u0105cznej d\u0142ugo\u015bci trasy zjazdowej ponad 1000 m: Wyci\u0105g&nbsp;1: \u0142atwy &#8211; d\u0142ugo\u015b\u0107&#8230;<\/p>\n","protected":false},"author":1,"featured_media":0,"parent":17,"menu_order":0,"comment_status":"closed","ping_status":"closed","template":"","meta":{"footnotes":""},"class_list":["post-21","page","type-page","status-publish","hentry"],"_links":{"self":[{"href":"http:\/\/bialydunajec.com.pl\/dla-turysty\/wp-json\/wp\/v2\/pages\/21","targetHints":{"allow":["GET"]}}],"collection":[{"href":"http:\/\/bialydunajec.com.pl\/dla-turysty\/wp-json\/wp\/v2\/pages"}],"about":[{"href":"http:\/\/bialydunajec.com.pl\/dla-turysty\/wp-json\/wp\/v2\/types\/page"}],"author":[{"embeddable":true,"href":"http:\/\/bialydunajec.com.pl\/dla-turysty\/wp-json\/wp\/v2\/users\/1"}],"replies":[{"embeddable":true,"href":"http:\/\/bialydunajec.com.pl\/dla-turysty\/wp-json\/wp\/v2\/comments?post=21"}],"version-history":[{"count":10,"href":"http:\/\/bialydunajec.com.pl\/dla-turysty\/wp-json\/wp\/v2\/pages\/21\/revisions"}],"predecessor-version":[{"id":947,"href":"http:\/\/bialydunajec.com.pl\/dla-turysty\/wp-json\/wp\/v2\/pages\/21\/revisions\/947"}],"up":[{"embeddable":true,"href":"http:\/\/bialydunajec.com.pl\/dla-turysty\/wp-json\/wp\/v2\/pages\/17"}],"wp:attachment":[{"href":"http:\/\/bialydunajec.com.pl\/dla-turysty\/wp-json\/wp\/v2\/media?parent=21"}],"curies":[{"name":"wp","href":"https:\/\/api.w.org\/{rel}","templated":true}]}}