{"id":27,"date":"2021-12-15T08:24:12","date_gmt":"2021-12-15T07:24:12","guid":{"rendered":"http:\/\/bialydunajec.com.pl\/dla-turysty\/?page_id=27"},"modified":"2022-05-10T23:50:08","modified_gmt":"2022-05-10T21:50:08","slug":"szlakiem-kulacha-wawrzyncoka","status":"publish","type":"page","link":"http:\/\/bialydunajec.com.pl\/dla-turysty\/atrakcje-turystyczne\/szlakiem-kulacha-wawrzyncoka\/","title":{"rendered":"Szlakiem Ku\u0142acha Wawrzy\u0144coka"},"content":{"rendered":"\n<p>W\u0119druj\u0105c przez gmin\u0119 i Podhale warto zwr\u00f3ci\u0107 uwag\u0119 na szlak, kt\u00f3ry tworz\u0105 drewniane rze\u017aby \u2013 kapliczki, \u015bwi\u0105tki i krzy\u017ce wyrze\u017abione przez jednego z najwybitniejszych podhala\u0144skich tw\u00f3rc\u00f3w ludowych Wojciecha Ku\u0142acha Wawrzy\u0144coka z Gliczarowa Dolnego \u017cyj\u0105cego w latach 1812 \u2013 1897. Artysta ten dzi\u0119ki ogromnemu talentowi rze\u017abiarskiemu zyska\u0142 przydomek \u201eLeonardo da Vinci z Gliczarowa\u201d.<\/p>\n\n\n\n<p>Jednym z jego najbardziej znanych dzie\u0142 s\u0105 trzy o\u0142tarze w Starym Ko\u015bci\u00f3\u0142ku p.w. Matki Bo\u017cej Cz\u0119stochowskiej w Zakopanem przy ul. Ko\u015bcieliskiej czy krzy\u017c nad Czarnym Stawem pod Rysami w Tatrach. <\/p>\n\n\n\n<p>Jego rze\u017aby do dzi\u015b mo\u017cna podziwia\u0107 przy drogach w wielu podhala\u0144skich miejscowo\u015bciach m.in.: Gliczarowie Dolnym i G\u00f3rnym, Bia\u0142ym Dunajcu, Bukowinie Tatrza\u0144skiej, Bia\u0142ce Tatrza\u0144skiej, Groniu, Jurgowie, Szaflarach i Lud\u017amierzu, a tak\u017ce w Muzeum Tatrza\u0144skim w Zakopanem, Muzeum im. Jana Kasprowicza na Harendzie, Muzeum Podhala\u0144skim w Nowym Targu, Muzeum im. W\u0142adys\u0142awa Orkana w Rabce-Zdroju i Muzeum Etnograficznym w Krakowie.<\/p>\n\n\n\n<div style=\"height:10px\" aria-hidden=\"true\" class=\"wp-block-spacer\"><\/div>\n\n\n\n<figure class=\"wp-block-gallery has-nested-images columns-default is-cropped wp-block-gallery-1 is-layout-flex wp-block-gallery-is-layout-flex\">\n<figure class=\"wp-block-image size-large is-style-default\"><a href=\"http:\/\/bialydunajec.com.pl\/dla-turysty\/wp-content\/uploads\/sites\/2\/2022\/03\/MIG_5025-scaled.jpg\" rel=\"lightbox[27]\"><img loading=\"lazy\" decoding=\"async\" width=\"1047\" height=\"675\" data-id=\"688\" src=\"http:\/\/bialydunajec.com.pl\/dla-turysty\/wp-content\/uploads\/sites\/2\/2022\/03\/MIG_5025-1047x675.jpg\" alt=\"\" class=\"wp-image-688\" srcset=\"http:\/\/bialydunajec.com.pl\/dla-turysty\/wp-content\/uploads\/sites\/2\/2022\/03\/MIG_5025-1047x675.jpg 1047w, http:\/\/bialydunajec.com.pl\/dla-turysty\/wp-content\/uploads\/sites\/2\/2022\/03\/MIG_5025-1536x990.jpg 1536w, http:\/\/bialydunajec.com.pl\/dla-turysty\/wp-content\/uploads\/sites\/2\/2022\/03\/MIG_5025-2048x1321.jpg 2048w\" sizes=\"auto, (max-width: 1047px) 100vw, 1047px\" \/><\/a><figcaption>O\u0142tarze w Starym Ko\u015bci\u00f3\u0142ku p.w. Matki Bo\u017cej Cz\u0119stochowskiej | Zakopane<\/figcaption><\/figure>\n<\/figure>\n\n\n\n<figure class=\"wp-block-gallery has-nested-images columns-default is-cropped wp-block-gallery-2 is-layout-flex wp-block-gallery-is-layout-flex\">\n<figure class=\"wp-block-image size-large is-style-default\"><a href=\"http:\/\/bialydunajec.com.pl\/dla-turysty\/wp-content\/uploads\/sites\/2\/2022\/03\/MIG_4984.jpg\" rel=\"lightbox[27]\"><img loading=\"lazy\" decoding=\"async\" width=\"1030\" height=\"675\" data-id=\"686\" src=\"http:\/\/bialydunajec.com.pl\/dla-turysty\/wp-content\/uploads\/sites\/2\/2022\/03\/MIG_4984-1030x675.jpg\" alt=\"\" class=\"wp-image-686\" srcset=\"http:\/\/bialydunajec.com.pl\/dla-turysty\/wp-content\/uploads\/sites\/2\/2022\/03\/MIG_4984-1030x675.jpg 1030w, http:\/\/bialydunajec.com.pl\/dla-turysty\/wp-content\/uploads\/sites\/2\/2022\/03\/MIG_4984-1536x1007.jpg 1536w, http:\/\/bialydunajec.com.pl\/dla-turysty\/wp-content\/uploads\/sites\/2\/2022\/03\/MIG_4984-2048x1342.jpg 2048w\" sizes=\"auto, (max-width: 1030px) 100vw, 1030px\" \/><\/a><figcaption>Anio\u0142ek | Stary Ko\u015bci\u00f3\u0142ek | Zakopane<\/figcaption><\/figure>\n\n\n\n<figure class=\"wp-block-image size-large is-style-default\"><a href=\"http:\/\/bialydunajec.com.pl\/dla-turysty\/wp-content\/uploads\/sites\/2\/2022\/03\/MIG_4988.jpg\" rel=\"lightbox[27]\"><img loading=\"lazy\" decoding=\"async\" width=\"1024\" height=\"675\" data-id=\"689\" src=\"http:\/\/bialydunajec.com.pl\/dla-turysty\/wp-content\/uploads\/sites\/2\/2022\/03\/MIG_4988-1024x675.jpg\" alt=\"\" class=\"wp-image-689\" srcset=\"http:\/\/bialydunajec.com.pl\/dla-turysty\/wp-content\/uploads\/sites\/2\/2022\/03\/MIG_4988-1024x675.jpg 1024w, http:\/\/bialydunajec.com.pl\/dla-turysty\/wp-content\/uploads\/sites\/2\/2022\/03\/MIG_4988-1536x1013.jpg 1536w, http:\/\/bialydunajec.com.pl\/dla-turysty\/wp-content\/uploads\/sites\/2\/2022\/03\/MIG_4988-2048x1350.jpg 2048w\" sizes=\"auto, (max-width: 1024px) 100vw, 1024px\" \/><\/a><figcaption>B\u00f3g Ojciec | Stary Ko\u015bci\u00f3\u0142ek | Zakopane<\/figcaption><\/figure>\n\n\n\n<figure class=\"wp-block-image size-large is-style-default\"><a href=\"http:\/\/bialydunajec.com.pl\/dla-turysty\/wp-content\/uploads\/sites\/2\/2022\/03\/MIG_4991.jpg\" rel=\"lightbox[27]\"><img loading=\"lazy\" decoding=\"async\" width=\"1127\" height=\"675\" data-id=\"687\" src=\"http:\/\/bialydunajec.com.pl\/dla-turysty\/wp-content\/uploads\/sites\/2\/2022\/03\/MIG_4991-1127x675.jpg\" alt=\"\" class=\"wp-image-687\" srcset=\"http:\/\/bialydunajec.com.pl\/dla-turysty\/wp-content\/uploads\/sites\/2\/2022\/03\/MIG_4991-1127x675.jpg 1127w, http:\/\/bialydunajec.com.pl\/dla-turysty\/wp-content\/uploads\/sites\/2\/2022\/03\/MIG_4991-1536x920.jpg 1536w, http:\/\/bialydunajec.com.pl\/dla-turysty\/wp-content\/uploads\/sites\/2\/2022\/03\/MIG_4991-2048x1227.jpg 2048w\" sizes=\"auto, (max-width: 1127px) 100vw, 1127px\" \/><\/a><figcaption>Anio\u0142ek | Stary Ko\u015bci\u00f3\u0142ek | Zakopane<\/figcaption><\/figure>\n<\/figure>\n\n\n\n<figure class=\"wp-block-gallery has-nested-images columns-default is-cropped wp-block-gallery-3 is-layout-flex wp-block-gallery-is-layout-flex\">\n<figure class=\"wp-block-image size-large is-style-default\"><a href=\"http:\/\/bialydunajec.com.pl\/dla-turysty\/wp-content\/uploads\/sites\/2\/2022\/03\/DSC9387-scaled.jpg\" rel=\"lightbox[27]\"><img loading=\"lazy\" decoding=\"async\" width=\"450\" height=\"675\" data-id=\"700\" src=\"http:\/\/bialydunajec.com.pl\/dla-turysty\/wp-content\/uploads\/sites\/2\/2022\/03\/DSC9387-450x675.jpg\" alt=\"\" class=\"wp-image-700\" srcset=\"http:\/\/bialydunajec.com.pl\/dla-turysty\/wp-content\/uploads\/sites\/2\/2022\/03\/DSC9387-450x675.jpg 450w, http:\/\/bialydunajec.com.pl\/dla-turysty\/wp-content\/uploads\/sites\/2\/2022\/03\/DSC9387-1024x1536.jpg 1024w, http:\/\/bialydunajec.com.pl\/dla-turysty\/wp-content\/uploads\/sites\/2\/2022\/03\/DSC9387-1365x2048.jpg 1365w, http:\/\/bialydunajec.com.pl\/dla-turysty\/wp-content\/uploads\/sites\/2\/2022\/03\/DSC9387-scaled.jpg 1707w\" sizes=\"auto, (max-width: 450px) 100vw, 450px\" \/><\/a><figcaption>\u015aw. Jan Nepomucen | Gliczar\u00f3w Dolny<\/figcaption><\/figure>\n\n\n\n<figure class=\"wp-block-image size-large is-style-default\"><a href=\"http:\/\/bialydunajec.com.pl\/dla-turysty\/wp-content\/uploads\/sites\/2\/2022\/03\/DSC09733-scaled.jpg\" rel=\"lightbox[27]\"><img loading=\"lazy\" decoding=\"async\" width=\"1013\" height=\"675\" data-id=\"711\" src=\"http:\/\/bialydunajec.com.pl\/dla-turysty\/wp-content\/uploads\/sites\/2\/2022\/03\/DSC09733-1013x675.jpg\" alt=\"\" class=\"wp-image-711\" srcset=\"http:\/\/bialydunajec.com.pl\/dla-turysty\/wp-content\/uploads\/sites\/2\/2022\/03\/DSC09733-1013x675.jpg 1013w, http:\/\/bialydunajec.com.pl\/dla-turysty\/wp-content\/uploads\/sites\/2\/2022\/03\/DSC09733-300x200.jpg 300w, http:\/\/bialydunajec.com.pl\/dla-turysty\/wp-content\/uploads\/sites\/2\/2022\/03\/DSC09733-600x400.jpg 600w, http:\/\/bialydunajec.com.pl\/dla-turysty\/wp-content\/uploads\/sites\/2\/2022\/03\/DSC09733-1536x1024.jpg 1536w, http:\/\/bialydunajec.com.pl\/dla-turysty\/wp-content\/uploads\/sites\/2\/2022\/03\/DSC09733-2048x1365.jpg 2048w\" sizes=\"auto, (max-width: 1013px) 100vw, 1013px\" \/><\/a><figcaption>Krzy\u017c | Gliczar\u00f3w Dolny<\/figcaption><\/figure>\n\n\n\n<figure class=\"wp-block-image size-large is-style-default\"><a href=\"http:\/\/bialydunajec.com.pl\/dla-turysty\/wp-content\/uploads\/sites\/2\/2022\/03\/DSC09695-scaled.jpg\" rel=\"lightbox[27]\"><img loading=\"lazy\" decoding=\"async\" width=\"1013\" height=\"675\" data-id=\"702\" src=\"http:\/\/bialydunajec.com.pl\/dla-turysty\/wp-content\/uploads\/sites\/2\/2022\/03\/DSC09695-1013x675.jpg\" alt=\"\" class=\"wp-image-702\" srcset=\"http:\/\/bialydunajec.com.pl\/dla-turysty\/wp-content\/uploads\/sites\/2\/2022\/03\/DSC09695-1013x675.jpg 1013w, http:\/\/bialydunajec.com.pl\/dla-turysty\/wp-content\/uploads\/sites\/2\/2022\/03\/DSC09695-300x200.jpg 300w, http:\/\/bialydunajec.com.pl\/dla-turysty\/wp-content\/uploads\/sites\/2\/2022\/03\/DSC09695-600x400.jpg 600w, http:\/\/bialydunajec.com.pl\/dla-turysty\/wp-content\/uploads\/sites\/2\/2022\/03\/DSC09695-1536x1024.jpg 1536w, http:\/\/bialydunajec.com.pl\/dla-turysty\/wp-content\/uploads\/sites\/2\/2022\/03\/DSC09695-2048x1365.jpg 2048w\" sizes=\"auto, (max-width: 1013px) 100vw, 1013px\" \/><\/a><figcaption>G\u0142owa Matki Boskiej | Gliczar\u00f3w Dolny<\/figcaption><\/figure>\n\n\n\n<figure class=\"wp-block-image size-large is-style-default\"><a href=\"http:\/\/bialydunajec.com.pl\/dla-turysty\/wp-content\/uploads\/sites\/2\/2022\/03\/DSC09770-scaled.jpg\" rel=\"lightbox[27]\"><img loading=\"lazy\" decoding=\"async\" width=\"450\" height=\"675\" data-id=\"705\" src=\"http:\/\/bialydunajec.com.pl\/dla-turysty\/wp-content\/uploads\/sites\/2\/2022\/03\/DSC09770-450x675.jpg\" alt=\"\" class=\"wp-image-705\" srcset=\"http:\/\/bialydunajec.com.pl\/dla-turysty\/wp-content\/uploads\/sites\/2\/2022\/03\/DSC09770-450x675.jpg 450w, http:\/\/bialydunajec.com.pl\/dla-turysty\/wp-content\/uploads\/sites\/2\/2022\/03\/DSC09770-1024x1536.jpg 1024w, http:\/\/bialydunajec.com.pl\/dla-turysty\/wp-content\/uploads\/sites\/2\/2022\/03\/DSC09770-1365x2048.jpg 1365w, http:\/\/bialydunajec.com.pl\/dla-turysty\/wp-content\/uploads\/sites\/2\/2022\/03\/DSC09770-scaled.jpg 1707w\" sizes=\"auto, (max-width: 450px) 100vw, 450px\" \/><\/a><figcaption>Kapliczka Chrystusa | Gliczar\u00f3w Dolny<\/figcaption><\/figure>\n\n\n\n<figure class=\"wp-block-image size-large\"><a href=\"http:\/\/bialydunajec.com.pl\/dla-turysty\/wp-content\/uploads\/sites\/2\/2022\/03\/DSC9364-scaled.jpg\" rel=\"lightbox[27]\"><img loading=\"lazy\" decoding=\"async\" width=\"450\" height=\"675\" data-id=\"724\" src=\"http:\/\/bialydunajec.com.pl\/dla-turysty\/wp-content\/uploads\/sites\/2\/2022\/03\/DSC9364-450x675.jpg\" alt=\"\" class=\"wp-image-724\" srcset=\"http:\/\/bialydunajec.com.pl\/dla-turysty\/wp-content\/uploads\/sites\/2\/2022\/03\/DSC9364-450x675.jpg 450w, http:\/\/bialydunajec.com.pl\/dla-turysty\/wp-content\/uploads\/sites\/2\/2022\/03\/DSC9364-1024x1536.jpg 1024w, http:\/\/bialydunajec.com.pl\/dla-turysty\/wp-content\/uploads\/sites\/2\/2022\/03\/DSC9364-1365x2048.jpg 1365w, http:\/\/bialydunajec.com.pl\/dla-turysty\/wp-content\/uploads\/sites\/2\/2022\/03\/DSC9364-scaled.jpg 1707w\" sizes=\"auto, (max-width: 450px) 100vw, 450px\" \/><\/a><figcaption>\u015aw. Florian | Gliczar\u00f3w Dolny<\/figcaption><\/figure>\n\n\n\n<figure class=\"wp-block-image size-large is-style-default\"><a href=\"http:\/\/bialydunajec.com.pl\/dla-turysty\/wp-content\/uploads\/sites\/2\/2022\/03\/DSC9424-scaled.jpg\" rel=\"lightbox[27]\"><img loading=\"lazy\" decoding=\"async\" width=\"450\" height=\"675\" data-id=\"699\" src=\"http:\/\/bialydunajec.com.pl\/dla-turysty\/wp-content\/uploads\/sites\/2\/2022\/03\/DSC9424-450x675.jpg\" alt=\"\" class=\"wp-image-699\" srcset=\"http:\/\/bialydunajec.com.pl\/dla-turysty\/wp-content\/uploads\/sites\/2\/2022\/03\/DSC9424-450x675.jpg 450w, http:\/\/bialydunajec.com.pl\/dla-turysty\/wp-content\/uploads\/sites\/2\/2022\/03\/DSC9424-1024x1536.jpg 1024w, http:\/\/bialydunajec.com.pl\/dla-turysty\/wp-content\/uploads\/sites\/2\/2022\/03\/DSC9424-1365x2048.jpg 1365w, http:\/\/bialydunajec.com.pl\/dla-turysty\/wp-content\/uploads\/sites\/2\/2022\/03\/DSC9424-scaled.jpg 1707w\" sizes=\"auto, (max-width: 450px) 100vw, 450px\" \/><\/a><figcaption>\u015aw. Jan Nepomucen | Gliczar\u00f3w G\u00f3rny<\/figcaption><\/figure>\n\n\n\n<figure class=\"wp-block-image size-large is-style-default\"><a href=\"http:\/\/bialydunajec.com.pl\/dla-turysty\/wp-content\/uploads\/sites\/2\/2022\/03\/DSC9206-scaled.jpg\" rel=\"lightbox[27]\"><img loading=\"lazy\" decoding=\"async\" width=\"451\" height=\"675\" data-id=\"691\" src=\"http:\/\/bialydunajec.com.pl\/dla-turysty\/wp-content\/uploads\/sites\/2\/2022\/03\/DSC9206-451x675.jpg\" alt=\"\" class=\"wp-image-691\" srcset=\"http:\/\/bialydunajec.com.pl\/dla-turysty\/wp-content\/uploads\/sites\/2\/2022\/03\/DSC9206-451x675.jpg 451w, http:\/\/bialydunajec.com.pl\/dla-turysty\/wp-content\/uploads\/sites\/2\/2022\/03\/DSC9206-1027x1536.jpg 1027w, http:\/\/bialydunajec.com.pl\/dla-turysty\/wp-content\/uploads\/sites\/2\/2022\/03\/DSC9206-1369x2048.jpg 1369w, http:\/\/bialydunajec.com.pl\/dla-turysty\/wp-content\/uploads\/sites\/2\/2022\/03\/DSC9206-scaled.jpg 1711w\" sizes=\"auto, (max-width: 451px) 100vw, 451px\" \/><\/a><figcaption>Kapliczka | Bia\u0142y Dunajec<\/figcaption><\/figure>\n\n\n\n<figure class=\"wp-block-image size-large\"><a href=\"http:\/\/bialydunajec.com.pl\/dla-turysty\/wp-content\/uploads\/sites\/2\/2022\/03\/DSC9290-scaled.jpg\" rel=\"lightbox[27]\"><img loading=\"lazy\" decoding=\"async\" width=\"450\" height=\"675\" data-id=\"722\" src=\"http:\/\/bialydunajec.com.pl\/dla-turysty\/wp-content\/uploads\/sites\/2\/2022\/03\/DSC9290-450x675.jpg\" alt=\"\" class=\"wp-image-722\" srcset=\"http:\/\/bialydunajec.com.pl\/dla-turysty\/wp-content\/uploads\/sites\/2\/2022\/03\/DSC9290-450x675.jpg 450w, http:\/\/bialydunajec.com.pl\/dla-turysty\/wp-content\/uploads\/sites\/2\/2022\/03\/DSC9290-1024x1536.jpg 1024w, http:\/\/bialydunajec.com.pl\/dla-turysty\/wp-content\/uploads\/sites\/2\/2022\/03\/DSC9290-1365x2048.jpg 1365w, http:\/\/bialydunajec.com.pl\/dla-turysty\/wp-content\/uploads\/sites\/2\/2022\/03\/DSC9290-scaled.jpg 1707w\" sizes=\"auto, (max-width: 450px) 100vw, 450px\" \/><\/a><figcaption>\u015aw. Stanis\u0142aw | Bia\u0142y Dunajec<\/figcaption><\/figure>\n\n\n\n<figure class=\"wp-block-image size-large is-style-default\"><a href=\"http:\/\/bialydunajec.com.pl\/dla-turysty\/wp-content\/uploads\/sites\/2\/2022\/03\/DSC00286-scaled.jpg\" rel=\"lightbox[27]\"><img loading=\"lazy\" decoding=\"async\" width=\"1013\" height=\"675\" data-id=\"695\" src=\"http:\/\/bialydunajec.com.pl\/dla-turysty\/wp-content\/uploads\/sites\/2\/2022\/03\/DSC00286-1013x675.jpg\" alt=\"\" class=\"wp-image-695\" srcset=\"http:\/\/bialydunajec.com.pl\/dla-turysty\/wp-content\/uploads\/sites\/2\/2022\/03\/DSC00286-1013x675.jpg 1013w, http:\/\/bialydunajec.com.pl\/dla-turysty\/wp-content\/uploads\/sites\/2\/2022\/03\/DSC00286-300x200.jpg 300w, http:\/\/bialydunajec.com.pl\/dla-turysty\/wp-content\/uploads\/sites\/2\/2022\/03\/DSC00286-600x400.jpg 600w, http:\/\/bialydunajec.com.pl\/dla-turysty\/wp-content\/uploads\/sites\/2\/2022\/03\/DSC00286-1536x1024.jpg 1536w, http:\/\/bialydunajec.com.pl\/dla-turysty\/wp-content\/uploads\/sites\/2\/2022\/03\/DSC00286-2048x1365.jpg 2048w\" sizes=\"auto, (max-width: 1013px) 100vw, 1013px\" \/><\/a><figcaption>Kapliczka na domu Zachemskich <br>| Bia\u0142y Dunajec<\/figcaption><\/figure>\n\n\n\n<figure class=\"wp-block-image size-large is-style-default\"><a href=\"http:\/\/bialydunajec.com.pl\/dla-turysty\/wp-content\/uploads\/sites\/2\/2022\/03\/MIG_4438-scaled.jpg\" rel=\"lightbox[27]\"><img loading=\"lazy\" decoding=\"async\" width=\"449\" height=\"675\" data-id=\"715\" src=\"http:\/\/bialydunajec.com.pl\/dla-turysty\/wp-content\/uploads\/sites\/2\/2022\/03\/MIG_4438-449x675.jpg\" alt=\"\" class=\"wp-image-715\" srcset=\"http:\/\/bialydunajec.com.pl\/dla-turysty\/wp-content\/uploads\/sites\/2\/2022\/03\/MIG_4438-449x675.jpg 449w, http:\/\/bialydunajec.com.pl\/dla-turysty\/wp-content\/uploads\/sites\/2\/2022\/03\/MIG_4438-1022x1536.jpg 1022w, http:\/\/bialydunajec.com.pl\/dla-turysty\/wp-content\/uploads\/sites\/2\/2022\/03\/MIG_4438-1363x2048.jpg 1363w, http:\/\/bialydunajec.com.pl\/dla-turysty\/wp-content\/uploads\/sites\/2\/2022\/03\/MIG_4438-scaled.jpg 1703w\" sizes=\"auto, (max-width: 449px) 100vw, 449px\" \/><\/a><figcaption>Chrystus bez r\u0105k | Bia\u0142y Dunajec-Sto\u0142owe<\/figcaption><\/figure>\n\n\n\n<figure class=\"wp-block-image size-large is-style-default\"><a href=\"http:\/\/bialydunajec.com.pl\/dla-turysty\/wp-content\/uploads\/sites\/2\/2022\/03\/MIG_4432-scaled.jpg\" rel=\"lightbox[27]\"><img loading=\"lazy\" decoding=\"async\" width=\"449\" height=\"675\" data-id=\"716\" src=\"http:\/\/bialydunajec.com.pl\/dla-turysty\/wp-content\/uploads\/sites\/2\/2022\/03\/MIG_4432-449x675.jpg\" alt=\"\" class=\"wp-image-716\" srcset=\"http:\/\/bialydunajec.com.pl\/dla-turysty\/wp-content\/uploads\/sites\/2\/2022\/03\/MIG_4432-449x675.jpg 449w, http:\/\/bialydunajec.com.pl\/dla-turysty\/wp-content\/uploads\/sites\/2\/2022\/03\/MIG_4432-1022x1536.jpg 1022w, http:\/\/bialydunajec.com.pl\/dla-turysty\/wp-content\/uploads\/sites\/2\/2022\/03\/MIG_4432-1363x2048.jpg 1363w, http:\/\/bialydunajec.com.pl\/dla-turysty\/wp-content\/uploads\/sites\/2\/2022\/03\/MIG_4432-scaled.jpg 1703w\" sizes=\"auto, (max-width: 449px) 100vw, 449px\" \/><\/a><figcaption>Chrystus ukrzy\u017cowany <br>| Bia\u0142y Dunajec-Sto\u0142owe<\/figcaption><\/figure>\n\n\n\n<figure class=\"wp-block-image size-large is-style-default\"><a href=\"http:\/\/bialydunajec.com.pl\/dla-turysty\/wp-content\/uploads\/sites\/2\/2022\/03\/MIG_4906.jpg\" rel=\"lightbox[27]\"><img loading=\"lazy\" decoding=\"async\" width=\"1002\" height=\"675\" data-id=\"704\" src=\"http:\/\/bialydunajec.com.pl\/dla-turysty\/wp-content\/uploads\/sites\/2\/2022\/03\/MIG_4906-1002x675.jpg\" alt=\"\" class=\"wp-image-704\" srcset=\"http:\/\/bialydunajec.com.pl\/dla-turysty\/wp-content\/uploads\/sites\/2\/2022\/03\/MIG_4906-1002x675.jpg 1002w, http:\/\/bialydunajec.com.pl\/dla-turysty\/wp-content\/uploads\/sites\/2\/2022\/03\/MIG_4906-1536x1035.jpg 1536w, http:\/\/bialydunajec.com.pl\/dla-turysty\/wp-content\/uploads\/sites\/2\/2022\/03\/MIG_4906-2048x1379.jpg 2048w\" sizes=\"auto, (max-width: 1002px) 100vw, 1002px\" \/><\/a><figcaption>Matka Boska | Bia\u0142ka Tatrza\u0144ska<\/figcaption><\/figure>\n\n\n\n<figure class=\"wp-block-image size-large is-style-default\"><a href=\"http:\/\/bialydunajec.com.pl\/dla-turysty\/wp-content\/uploads\/sites\/2\/2022\/03\/DSC09612-scaled.jpg\" rel=\"lightbox[27]\"><img loading=\"lazy\" decoding=\"async\" width=\"450\" height=\"675\" data-id=\"703\" src=\"http:\/\/bialydunajec.com.pl\/dla-turysty\/wp-content\/uploads\/sites\/2\/2022\/03\/DSC09612-450x675.jpg\" alt=\"\" class=\"wp-image-703\" srcset=\"http:\/\/bialydunajec.com.pl\/dla-turysty\/wp-content\/uploads\/sites\/2\/2022\/03\/DSC09612-450x675.jpg 450w, http:\/\/bialydunajec.com.pl\/dla-turysty\/wp-content\/uploads\/sites\/2\/2022\/03\/DSC09612-1024x1536.jpg 1024w, http:\/\/bialydunajec.com.pl\/dla-turysty\/wp-content\/uploads\/sites\/2\/2022\/03\/DSC09612-1365x2048.jpg 1365w, http:\/\/bialydunajec.com.pl\/dla-turysty\/wp-content\/uploads\/sites\/2\/2022\/03\/DSC09612-scaled.jpg 1707w\" sizes=\"auto, (max-width: 450px) 100vw, 450px\" \/><\/a><figcaption>Matka Boska | Gro\u0144<\/figcaption><\/figure>\n\n\n\n<figure class=\"wp-block-image size-large is-style-default\"><a href=\"http:\/\/bialydunajec.com.pl\/dla-turysty\/wp-content\/uploads\/sites\/2\/2022\/03\/DSC9247-scaled.jpg\" rel=\"lightbox[27]\"><img loading=\"lazy\" decoding=\"async\" width=\"450\" height=\"675\" data-id=\"694\" src=\"http:\/\/bialydunajec.com.pl\/dla-turysty\/wp-content\/uploads\/sites\/2\/2022\/03\/DSC9247-450x675.jpg\" alt=\"\" class=\"wp-image-694\" srcset=\"http:\/\/bialydunajec.com.pl\/dla-turysty\/wp-content\/uploads\/sites\/2\/2022\/03\/DSC9247-450x675.jpg 450w, http:\/\/bialydunajec.com.pl\/dla-turysty\/wp-content\/uploads\/sites\/2\/2022\/03\/DSC9247-1024x1536.jpg 1024w, http:\/\/bialydunajec.com.pl\/dla-turysty\/wp-content\/uploads\/sites\/2\/2022\/03\/DSC9247-1365x2048.jpg 1365w, http:\/\/bialydunajec.com.pl\/dla-turysty\/wp-content\/uploads\/sites\/2\/2022\/03\/DSC9247-scaled.jpg 1707w\" sizes=\"auto, (max-width: 450px) 100vw, 450px\" \/><\/a><figcaption>Matka Boska | Szaflary<\/figcaption><\/figure>\n\n\n\n<figure class=\"wp-block-image size-large is-style-default\"><a href=\"http:\/\/bialydunajec.com.pl\/dla-turysty\/wp-content\/uploads\/sites\/2\/2022\/03\/DSC9431-scaled.jpg\" rel=\"lightbox[27]\"><img loading=\"lazy\" decoding=\"async\" width=\"450\" height=\"675\" data-id=\"692\" src=\"http:\/\/bialydunajec.com.pl\/dla-turysty\/wp-content\/uploads\/sites\/2\/2022\/03\/DSC9431-450x675.jpg\" alt=\"\" class=\"wp-image-692\" srcset=\"http:\/\/bialydunajec.com.pl\/dla-turysty\/wp-content\/uploads\/sites\/2\/2022\/03\/DSC9431-450x675.jpg 450w, http:\/\/bialydunajec.com.pl\/dla-turysty\/wp-content\/uploads\/sites\/2\/2022\/03\/DSC9431-1024x1536.jpg 1024w, http:\/\/bialydunajec.com.pl\/dla-turysty\/wp-content\/uploads\/sites\/2\/2022\/03\/DSC9431-1365x2048.jpg 1365w, http:\/\/bialydunajec.com.pl\/dla-turysty\/wp-content\/uploads\/sites\/2\/2022\/03\/DSC9431-scaled.jpg 1707w\" sizes=\"auto, (max-width: 450px) 100vw, 450px\" \/><\/a><figcaption>Matka Boska | Murzasichle<\/figcaption><\/figure>\n\n\n\n<figure class=\"wp-block-image size-large is-style-default\"><a href=\"http:\/\/bialydunajec.com.pl\/dla-turysty\/wp-content\/uploads\/sites\/2\/2022\/03\/MIG_4930.jpg\" rel=\"lightbox[27]\"><img loading=\"lazy\" decoding=\"async\" width=\"449\" height=\"675\" data-id=\"706\" src=\"http:\/\/bialydunajec.com.pl\/dla-turysty\/wp-content\/uploads\/sites\/2\/2022\/03\/MIG_4930-449x675.jpg\" alt=\"\" class=\"wp-image-706\" srcset=\"http:\/\/bialydunajec.com.pl\/dla-turysty\/wp-content\/uploads\/sites\/2\/2022\/03\/MIG_4930-449x675.jpg 449w, http:\/\/bialydunajec.com.pl\/dla-turysty\/wp-content\/uploads\/sites\/2\/2022\/03\/MIG_4930-1022x1536.jpg 1022w, http:\/\/bialydunajec.com.pl\/dla-turysty\/wp-content\/uploads\/sites\/2\/2022\/03\/MIG_4930-1363x2048.jpg 1363w, http:\/\/bialydunajec.com.pl\/dla-turysty\/wp-content\/uploads\/sites\/2\/2022\/03\/MIG_4930.jpg 1572w\" sizes=\"auto, (max-width: 449px) 100vw, 449px\" \/><\/a><figcaption>Figura \u015bw. J\u00f3zefa | Jurg\u00f3w<\/figcaption><\/figure>\n\n\n\n<figure class=\"wp-block-image size-large\"><a href=\"http:\/\/bialydunajec.com.pl\/dla-turysty\/wp-content\/uploads\/sites\/2\/2022\/03\/DSC0005-scaled.jpg\" rel=\"lightbox[27]\"><img loading=\"lazy\" decoding=\"async\" width=\"1013\" height=\"675\" data-id=\"725\" src=\"http:\/\/bialydunajec.com.pl\/dla-turysty\/wp-content\/uploads\/sites\/2\/2022\/03\/DSC0005-1013x675.jpg\" alt=\"\" class=\"wp-image-725\" srcset=\"http:\/\/bialydunajec.com.pl\/dla-turysty\/wp-content\/uploads\/sites\/2\/2022\/03\/DSC0005-1013x675.jpg 1013w, http:\/\/bialydunajec.com.pl\/dla-turysty\/wp-content\/uploads\/sites\/2\/2022\/03\/DSC0005-300x200.jpg 300w, http:\/\/bialydunajec.com.pl\/dla-turysty\/wp-content\/uploads\/sites\/2\/2022\/03\/DSC0005-600x400.jpg 600w, http:\/\/bialydunajec.com.pl\/dla-turysty\/wp-content\/uploads\/sites\/2\/2022\/03\/DSC0005-1536x1024.jpg 1536w, http:\/\/bialydunajec.com.pl\/dla-turysty\/wp-content\/uploads\/sites\/2\/2022\/03\/DSC0005-2048x1365.jpg 2048w\" sizes=\"auto, (max-width: 1013px) 100vw, 1013px\" \/><\/a><figcaption>B\u00f3g Ojciec | Harenda<\/figcaption><\/figure>\n\n\n\n<figure class=\"wp-block-image size-large is-style-default\"><a href=\"http:\/\/bialydunajec.com.pl\/dla-turysty\/wp-content\/uploads\/sites\/2\/2022\/03\/DSC0042-scaled.jpg\" rel=\"lightbox[27]\"><img loading=\"lazy\" decoding=\"async\" width=\"1013\" height=\"675\" data-id=\"697\" src=\"http:\/\/bialydunajec.com.pl\/dla-turysty\/wp-content\/uploads\/sites\/2\/2022\/03\/DSC0042-1013x675.jpg\" alt=\"\" class=\"wp-image-697\" srcset=\"http:\/\/bialydunajec.com.pl\/dla-turysty\/wp-content\/uploads\/sites\/2\/2022\/03\/DSC0042-1013x675.jpg 1013w, http:\/\/bialydunajec.com.pl\/dla-turysty\/wp-content\/uploads\/sites\/2\/2022\/03\/DSC0042-300x200.jpg 300w, http:\/\/bialydunajec.com.pl\/dla-turysty\/wp-content\/uploads\/sites\/2\/2022\/03\/DSC0042-600x400.jpg 600w, http:\/\/bialydunajec.com.pl\/dla-turysty\/wp-content\/uploads\/sites\/2\/2022\/03\/DSC0042-1536x1024.jpg 1536w, http:\/\/bialydunajec.com.pl\/dla-turysty\/wp-content\/uploads\/sites\/2\/2022\/03\/DSC0042-2048x1365.jpg 2048w\" sizes=\"auto, (max-width: 1013px) 100vw, 1013px\" \/><\/a><figcaption>\u0141y\u017cnik | Harenda<\/figcaption><\/figure>\n\n\n\n<figure class=\"wp-block-image size-large is-style-default\"><a href=\"http:\/\/bialydunajec.com.pl\/dla-turysty\/wp-content\/uploads\/sites\/2\/2022\/03\/DSC00134-scaled.jpg\" rel=\"lightbox[27]\"><img loading=\"lazy\" decoding=\"async\" width=\"1013\" height=\"675\" data-id=\"698\" src=\"http:\/\/bialydunajec.com.pl\/dla-turysty\/wp-content\/uploads\/sites\/2\/2022\/03\/DSC00134-1013x675.jpg\" alt=\"\" class=\"wp-image-698\" srcset=\"http:\/\/bialydunajec.com.pl\/dla-turysty\/wp-content\/uploads\/sites\/2\/2022\/03\/DSC00134-1013x675.jpg 1013w, http:\/\/bialydunajec.com.pl\/dla-turysty\/wp-content\/uploads\/sites\/2\/2022\/03\/DSC00134-300x200.jpg 300w, http:\/\/bialydunajec.com.pl\/dla-turysty\/wp-content\/uploads\/sites\/2\/2022\/03\/DSC00134-600x400.jpg 600w, http:\/\/bialydunajec.com.pl\/dla-turysty\/wp-content\/uploads\/sites\/2\/2022\/03\/DSC00134-1536x1024.jpg 1536w, http:\/\/bialydunajec.com.pl\/dla-turysty\/wp-content\/uploads\/sites\/2\/2022\/03\/DSC00134-2048x1365.jpg 2048w\" sizes=\"auto, (max-width: 1013px) 100vw, 1013px\" \/><\/a><figcaption>Matka Boska i \u015bw. Jan | Lud\u017amierz<\/figcaption><\/figure>\n\n\n\n<figure class=\"wp-block-image size-large is-style-default\"><a href=\"http:\/\/bialydunajec.com.pl\/dla-turysty\/wp-content\/uploads\/sites\/2\/2022\/03\/DSC00178-scaled.jpg\" rel=\"lightbox[27]\"><img loading=\"lazy\" decoding=\"async\" width=\"1013\" height=\"675\" data-id=\"696\" src=\"http:\/\/bialydunajec.com.pl\/dla-turysty\/wp-content\/uploads\/sites\/2\/2022\/03\/DSC00178-1013x675.jpg\" alt=\"\" class=\"wp-image-696\" srcset=\"http:\/\/bialydunajec.com.pl\/dla-turysty\/wp-content\/uploads\/sites\/2\/2022\/03\/DSC00178-1013x675.jpg 1013w, http:\/\/bialydunajec.com.pl\/dla-turysty\/wp-content\/uploads\/sites\/2\/2022\/03\/DSC00178-300x200.jpg 300w, http:\/\/bialydunajec.com.pl\/dla-turysty\/wp-content\/uploads\/sites\/2\/2022\/03\/DSC00178-600x400.jpg 600w, http:\/\/bialydunajec.com.pl\/dla-turysty\/wp-content\/uploads\/sites\/2\/2022\/03\/DSC00178-1536x1024.jpg 1536w, http:\/\/bialydunajec.com.pl\/dla-turysty\/wp-content\/uploads\/sites\/2\/2022\/03\/DSC00178-2048x1365.jpg 2048w\" sizes=\"auto, (max-width: 1013px) 100vw, 1013px\" \/><\/a><figcaption>Chrystus Ukrzy\u017cowany | Lud\u017amierz<\/figcaption><\/figure>\n\n\n\n<figure class=\"wp-block-image size-large is-style-default\"><a href=\"http:\/\/bialydunajec.com.pl\/dla-turysty\/wp-content\/uploads\/sites\/2\/2022\/03\/DSC00156-scaled.jpg\" rel=\"lightbox[27]\"><img loading=\"lazy\" decoding=\"async\" width=\"1013\" height=\"675\" data-id=\"693\" src=\"http:\/\/bialydunajec.com.pl\/dla-turysty\/wp-content\/uploads\/sites\/2\/2022\/03\/DSC00156-1013x675.jpg\" alt=\"\" class=\"wp-image-693\" srcset=\"http:\/\/bialydunajec.com.pl\/dla-turysty\/wp-content\/uploads\/sites\/2\/2022\/03\/DSC00156-1013x675.jpg 1013w, http:\/\/bialydunajec.com.pl\/dla-turysty\/wp-content\/uploads\/sites\/2\/2022\/03\/DSC00156-300x200.jpg 300w, http:\/\/bialydunajec.com.pl\/dla-turysty\/wp-content\/uploads\/sites\/2\/2022\/03\/DSC00156-600x400.jpg 600w, http:\/\/bialydunajec.com.pl\/dla-turysty\/wp-content\/uploads\/sites\/2\/2022\/03\/DSC00156-1536x1024.jpg 1536w, http:\/\/bialydunajec.com.pl\/dla-turysty\/wp-content\/uploads\/sites\/2\/2022\/03\/DSC00156-2048x1365.jpg 2048w\" sizes=\"auto, (max-width: 1013px) 100vw, 1013px\" \/><\/a><figcaption>Anio\u0142ek | Lud\u017amierz<\/figcaption><\/figure>\n\n\n\n<figure class=\"wp-block-image size-large\"><a href=\"http:\/\/bialydunajec.com.pl\/dla-turysty\/wp-content\/uploads\/sites\/2\/2022\/03\/MIG_4197-scaled.jpg\" rel=\"lightbox[27]\"><img loading=\"lazy\" decoding=\"async\" width=\"449\" height=\"675\" data-id=\"726\" src=\"http:\/\/bialydunajec.com.pl\/dla-turysty\/wp-content\/uploads\/sites\/2\/2022\/03\/MIG_4197-449x675.jpg\" alt=\"\" class=\"wp-image-726\" srcset=\"http:\/\/bialydunajec.com.pl\/dla-turysty\/wp-content\/uploads\/sites\/2\/2022\/03\/MIG_4197-449x675.jpg 449w, http:\/\/bialydunajec.com.pl\/dla-turysty\/wp-content\/uploads\/sites\/2\/2022\/03\/MIG_4197-1022x1536.jpg 1022w, http:\/\/bialydunajec.com.pl\/dla-turysty\/wp-content\/uploads\/sites\/2\/2022\/03\/MIG_4197-1363x2048.jpg 1363w, http:\/\/bialydunajec.com.pl\/dla-turysty\/wp-content\/uploads\/sites\/2\/2022\/03\/MIG_4197-scaled.jpg 1703w\" sizes=\"auto, (max-width: 449px) 100vw, 449px\" \/><\/a><figcaption>G\u0142owa z \u0142awy ciesielskiej | Zakopane<\/figcaption><\/figure>\n\n\n\n<figure class=\"wp-block-image size-large is-style-default\"><a href=\"http:\/\/bialydunajec.com.pl\/dla-turysty\/wp-content\/uploads\/sites\/2\/2022\/03\/MIG_4249-scaled.jpg\" rel=\"lightbox[27]\"><img loading=\"lazy\" decoding=\"async\" width=\"1161\" height=\"675\" data-id=\"701\" src=\"http:\/\/bialydunajec.com.pl\/dla-turysty\/wp-content\/uploads\/sites\/2\/2022\/03\/MIG_4249-1161x675.jpg\" alt=\"\" class=\"wp-image-701\" srcset=\"http:\/\/bialydunajec.com.pl\/dla-turysty\/wp-content\/uploads\/sites\/2\/2022\/03\/MIG_4249-1161x675.jpg 1161w, http:\/\/bialydunajec.com.pl\/dla-turysty\/wp-content\/uploads\/sites\/2\/2022\/03\/MIG_4249-1536x893.jpg 1536w, http:\/\/bialydunajec.com.pl\/dla-turysty\/wp-content\/uploads\/sites\/2\/2022\/03\/MIG_4249-2048x1191.jpg 2048w\" sizes=\"auto, (max-width: 1161px) 100vw, 1161px\" \/><\/a><figcaption>Strzelba | Zakopane<\/figcaption><\/figure>\n\n\n\n<figure class=\"wp-block-image size-large is-style-default\"><a href=\"http:\/\/bialydunajec.com.pl\/dla-turysty\/wp-content\/uploads\/sites\/2\/2022\/03\/MIG_4258-scaled.jpg\" rel=\"lightbox[27]\"><img loading=\"lazy\" decoding=\"async\" width=\"449\" height=\"675\" data-id=\"719\" src=\"http:\/\/bialydunajec.com.pl\/dla-turysty\/wp-content\/uploads\/sites\/2\/2022\/03\/MIG_4258-449x675.jpg\" alt=\"\" class=\"wp-image-719\" srcset=\"http:\/\/bialydunajec.com.pl\/dla-turysty\/wp-content\/uploads\/sites\/2\/2022\/03\/MIG_4258-449x675.jpg 449w, http:\/\/bialydunajec.com.pl\/dla-turysty\/wp-content\/uploads\/sites\/2\/2022\/03\/MIG_4258-1022x1536.jpg 1022w, http:\/\/bialydunajec.com.pl\/dla-turysty\/wp-content\/uploads\/sites\/2\/2022\/03\/MIG_4258-1363x2048.jpg 1363w, http:\/\/bialydunajec.com.pl\/dla-turysty\/wp-content\/uploads\/sites\/2\/2022\/03\/MIG_4258-scaled.jpg 1703w\" sizes=\"auto, (max-width: 449px) 100vw, 449px\" \/><\/a><figcaption>\u017belazny medalion | Zakopane<\/figcaption><\/figure>\n\n\n\n<figure class=\"wp-block-image size-large is-style-default\"><a href=\"http:\/\/bialydunajec.com.pl\/dla-turysty\/wp-content\/uploads\/sites\/2\/2022\/03\/MIG_4375-scaled.jpg\" rel=\"lightbox[27]\"><img loading=\"lazy\" decoding=\"async\" width=\"449\" height=\"675\" data-id=\"712\" src=\"http:\/\/bialydunajec.com.pl\/dla-turysty\/wp-content\/uploads\/sites\/2\/2022\/03\/MIG_4375-449x675.jpg\" alt=\"\" class=\"wp-image-712\" srcset=\"http:\/\/bialydunajec.com.pl\/dla-turysty\/wp-content\/uploads\/sites\/2\/2022\/03\/MIG_4375-449x675.jpg 449w, http:\/\/bialydunajec.com.pl\/dla-turysty\/wp-content\/uploads\/sites\/2\/2022\/03\/MIG_4375-1022x1536.jpg 1022w, http:\/\/bialydunajec.com.pl\/dla-turysty\/wp-content\/uploads\/sites\/2\/2022\/03\/MIG_4375-1363x2048.jpg 1363w, http:\/\/bialydunajec.com.pl\/dla-turysty\/wp-content\/uploads\/sites\/2\/2022\/03\/MIG_4375-scaled.jpg 1703w\" sizes=\"auto, (max-width: 449px) 100vw, 449px\" \/><\/a><figcaption>Sto\u0142ek z dat\u0105 1885 r. | Zakopane<\/figcaption><\/figure>\n\n\n\n<figure class=\"wp-block-image size-large is-style-default\"><a href=\"http:\/\/bialydunajec.com.pl\/dla-turysty\/wp-content\/uploads\/sites\/2\/2022\/03\/MIG_4388-scaled.jpg\" rel=\"lightbox[27]\"><img loading=\"lazy\" decoding=\"async\" width=\"1014\" height=\"675\" data-id=\"708\" src=\"http:\/\/bialydunajec.com.pl\/dla-turysty\/wp-content\/uploads\/sites\/2\/2022\/03\/MIG_4388-1014x675.jpg\" alt=\"\" class=\"wp-image-708\" srcset=\"http:\/\/bialydunajec.com.pl\/dla-turysty\/wp-content\/uploads\/sites\/2\/2022\/03\/MIG_4388-1014x675.jpg 1014w, http:\/\/bialydunajec.com.pl\/dla-turysty\/wp-content\/uploads\/sites\/2\/2022\/03\/MIG_4388-300x200.jpg 300w, http:\/\/bialydunajec.com.pl\/dla-turysty\/wp-content\/uploads\/sites\/2\/2022\/03\/MIG_4388-600x400.jpg 600w, http:\/\/bialydunajec.com.pl\/dla-turysty\/wp-content\/uploads\/sites\/2\/2022\/03\/MIG_4388-1536x1022.jpg 1536w, http:\/\/bialydunajec.com.pl\/dla-turysty\/wp-content\/uploads\/sites\/2\/2022\/03\/MIG_4388-2048x1363.jpg 2048w\" sizes=\"auto, (max-width: 1014px) 100vw, 1014px\" \/><\/a><figcaption>Szufla &#8211; siedlacka | Zakopane<\/figcaption><\/figure>\n\n\n\n<figure class=\"wp-block-image size-large is-style-default\"><a href=\"http:\/\/bialydunajec.com.pl\/dla-turysty\/wp-content\/uploads\/sites\/2\/2022\/03\/MIG_4402-scaled.jpg\" rel=\"lightbox[27]\"><img loading=\"lazy\" decoding=\"async\" width=\"1014\" height=\"675\" data-id=\"717\" src=\"http:\/\/bialydunajec.com.pl\/dla-turysty\/wp-content\/uploads\/sites\/2\/2022\/03\/MIG_4402-1014x675.jpg\" alt=\"\" class=\"wp-image-717\" srcset=\"http:\/\/bialydunajec.com.pl\/dla-turysty\/wp-content\/uploads\/sites\/2\/2022\/03\/MIG_4402-1014x675.jpg 1014w, http:\/\/bialydunajec.com.pl\/dla-turysty\/wp-content\/uploads\/sites\/2\/2022\/03\/MIG_4402-300x200.jpg 300w, http:\/\/bialydunajec.com.pl\/dla-turysty\/wp-content\/uploads\/sites\/2\/2022\/03\/MIG_4402-600x400.jpg 600w, http:\/\/bialydunajec.com.pl\/dla-turysty\/wp-content\/uploads\/sites\/2\/2022\/03\/MIG_4402-1536x1022.jpg 1536w, http:\/\/bialydunajec.com.pl\/dla-turysty\/wp-content\/uploads\/sites\/2\/2022\/03\/MIG_4402-2048x1363.jpg 2048w\" sizes=\"auto, (max-width: 1014px) 100vw, 1014px\" \/><\/a><figcaption>\u0141y\u017cnik | Zakopane<\/figcaption><\/figure>\n\n\n\n<figure class=\"wp-block-image size-large is-style-default\"><a href=\"http:\/\/bialydunajec.com.pl\/dla-turysty\/wp-content\/uploads\/sites\/2\/2022\/03\/DSC9622-scaled.jpg\" rel=\"lightbox[27]\"><img loading=\"lazy\" decoding=\"async\" width=\"450\" height=\"675\" data-id=\"796\" src=\"http:\/\/bialydunajec.com.pl\/dla-turysty\/wp-content\/uploads\/sites\/2\/2022\/03\/DSC9622-450x675.jpg\" alt=\"\" class=\"wp-image-796\" srcset=\"http:\/\/bialydunajec.com.pl\/dla-turysty\/wp-content\/uploads\/sites\/2\/2022\/03\/DSC9622-450x675.jpg 450w, http:\/\/bialydunajec.com.pl\/dla-turysty\/wp-content\/uploads\/sites\/2\/2022\/03\/DSC9622-1024x1536.jpg 1024w, http:\/\/bialydunajec.com.pl\/dla-turysty\/wp-content\/uploads\/sites\/2\/2022\/03\/DSC9622-1365x2048.jpg 1365w, http:\/\/bialydunajec.com.pl\/dla-turysty\/wp-content\/uploads\/sites\/2\/2022\/03\/DSC9622-scaled.jpg 1707w\" sizes=\"auto, (max-width: 450px) 100vw, 450px\" \/><\/a><figcaption>Krzy\u017c nad Czarnym Stawem pod Rysami<\/figcaption><\/figure>\n\n\n\n<figure class=\"wp-block-image size-large is-style-default\"><a href=\"http:\/\/bialydunajec.com.pl\/dla-turysty\/wp-content\/uploads\/sites\/2\/2022\/03\/skan111-scaled.jpeg\" rel=\"lightbox[27]\"><img loading=\"lazy\" decoding=\"async\" width=\"462\" height=\"675\" data-id=\"720\" src=\"http:\/\/bialydunajec.com.pl\/dla-turysty\/wp-content\/uploads\/sites\/2\/2022\/03\/skan111-462x675.jpeg\" alt=\"\" class=\"wp-image-720\" srcset=\"http:\/\/bialydunajec.com.pl\/dla-turysty\/wp-content\/uploads\/sites\/2\/2022\/03\/skan111-462x675.jpeg 462w, http:\/\/bialydunajec.com.pl\/dla-turysty\/wp-content\/uploads\/sites\/2\/2022\/03\/skan111-1052x1536.jpeg 1052w, http:\/\/bialydunajec.com.pl\/dla-turysty\/wp-content\/uploads\/sites\/2\/2022\/03\/skan111-1403x2048.jpeg 1403w, http:\/\/bialydunajec.com.pl\/dla-turysty\/wp-content\/uploads\/sites\/2\/2022\/03\/skan111-scaled.jpeg 1753w\" sizes=\"auto, (max-width: 462px) 100vw, 462px\" \/><\/a><figcaption>Anio\u0142ki |Bia\u0142ka Tatrza\u0144ska <br>(zosta\u0142y skradzione)<\/figcaption><\/figure>\n\n\n\n<figure class=\"wp-block-image size-large is-style-default\"><a href=\"http:\/\/bialydunajec.com.pl\/dla-turysty\/wp-content\/uploads\/sites\/2\/2022\/03\/sw.-Piotr-i-Pawel-ze-starego-kosciola-w-Bialce-Tatrzanskiej.-Wojciech-scaled.jpg\" rel=\"lightbox[27]\"><img loading=\"lazy\" decoding=\"async\" width=\"450\" height=\"675\" data-id=\"718\" src=\"http:\/\/bialydunajec.com.pl\/dla-turysty\/wp-content\/uploads\/sites\/2\/2022\/03\/sw.-Piotr-i-Pawel-ze-starego-kosciola-w-Bialce-Tatrzanskiej.-Wojciech-450x675.jpg\" alt=\"\" class=\"wp-image-718\" srcset=\"http:\/\/bialydunajec.com.pl\/dla-turysty\/wp-content\/uploads\/sites\/2\/2022\/03\/sw.-Piotr-i-Pawel-ze-starego-kosciola-w-Bialce-Tatrzanskiej.-Wojciech-450x675.jpg 450w, http:\/\/bialydunajec.com.pl\/dla-turysty\/wp-content\/uploads\/sites\/2\/2022\/03\/sw.-Piotr-i-Pawel-ze-starego-kosciola-w-Bialce-Tatrzanskiej.-Wojciech-1025x1536.jpg 1025w, http:\/\/bialydunajec.com.pl\/dla-turysty\/wp-content\/uploads\/sites\/2\/2022\/03\/sw.-Piotr-i-Pawel-ze-starego-kosciola-w-Bialce-Tatrzanskiej.-Wojciech-1367x2048.jpg 1367w, http:\/\/bialydunajec.com.pl\/dla-turysty\/wp-content\/uploads\/sites\/2\/2022\/03\/sw.-Piotr-i-Pawel-ze-starego-kosciola-w-Bialce-Tatrzanskiej.-Wojciech-scaled.jpg 1708w\" sizes=\"auto, (max-width: 450px) 100vw, 450px\" \/><\/a><figcaption>Figury \u015bw. Piotra i Paw\u0142a | Bia\u0142ka Tatrza\u0144ska<br>(zosta\u0142y skradzione)<\/figcaption><\/figure>\n<\/figure>\n\n\n\n<figure class=\"wp-block-gallery has-nested-images columns-default is-cropped wp-block-gallery-4 is-layout-flex wp-block-gallery-is-layout-flex\">\n<figure class=\"wp-block-image size-large is-style-default\"><img loading=\"lazy\" decoding=\"async\" width=\"168\" height=\"675\" data-id=\"728\" src=\"http:\/\/bialydunajec.com.pl\/dla-turysty\/wp-content\/uploads\/sites\/2\/2022\/03\/folder_Wawrzyncok-168x675.jpg\" alt=\"\" class=\"wp-image-728\" srcset=\"http:\/\/bialydunajec.com.pl\/dla-turysty\/wp-content\/uploads\/sites\/2\/2022\/03\/folder_Wawrzyncok-168x675.jpg 168w, http:\/\/bialydunajec.com.pl\/dla-turysty\/wp-content\/uploads\/sites\/2\/2022\/03\/folder_Wawrzyncok-scaled.jpg 636w\" sizes=\"auto, (max-width: 168px) 100vw, 168px\" \/><\/figure>\n\n\n\n<figure class=\"wp-block-image size-large is-style-default\"><img loading=\"lazy\" decoding=\"async\" width=\"168\" height=\"675\" data-id=\"727\" src=\"http:\/\/bialydunajec.com.pl\/dla-turysty\/wp-content\/uploads\/sites\/2\/2022\/03\/folder_Wawrzyncok2-168x675.jpg\" alt=\"\" class=\"wp-image-727\" srcset=\"http:\/\/bialydunajec.com.pl\/dla-turysty\/wp-content\/uploads\/sites\/2\/2022\/03\/folder_Wawrzyncok2-168x675.jpg 168w, http:\/\/bialydunajec.com.pl\/dla-turysty\/wp-content\/uploads\/sites\/2\/2022\/03\/folder_Wawrzyncok2-scaled.jpg 636w\" sizes=\"auto, (max-width: 168px) 100vw, 168px\" \/><\/figure>\n<\/figure>\n","protected":false},"excerpt":{"rendered":"<p>W\u0119druj\u0105c przez gmin\u0119 i Podhale warto zwr\u00f3ci\u0107 uwag\u0119 na szlak, kt\u00f3ry tworz\u0105 drewniane rze\u017aby \u2013 kapliczki, \u015bwi\u0105tki i krzy\u017ce wyrze\u017abione przez jednego z najwybitniejszych podhala\u0144skich tw\u00f3rc\u00f3w ludowych Wojciecha Ku\u0142acha Wawrzy\u0144coka z Gliczarowa Dolnego \u017cyj\u0105cego w latach 1812 \u2013 1897. Artysta ten dzi\u0119ki ogromnemu talentowi rze\u017abiarskiemu zyska\u0142 przydomek \u201eLeonardo da Vinci z Gliczarowa\u201d. Jednym z jego&#8230;<\/p>\n","protected":false},"author":1,"featured_media":0,"parent":17,"menu_order":0,"comment_status":"closed","ping_status":"closed","template":"","meta":{"footnotes":""},"class_list":["post-27","page","type-page","status-publish","hentry"],"_links":{"self":[{"href":"http:\/\/bialydunajec.com.pl\/dla-turysty\/wp-json\/wp\/v2\/pages\/27","targetHints":{"allow":["GET"]}}],"collection":[{"href":"http:\/\/bialydunajec.com.pl\/dla-turysty\/wp-json\/wp\/v2\/pages"}],"about":[{"href":"http:\/\/bialydunajec.com.pl\/dla-turysty\/wp-json\/wp\/v2\/types\/page"}],"author":[{"embeddable":true,"href":"http:\/\/bialydunajec.com.pl\/dla-turysty\/wp-json\/wp\/v2\/users\/1"}],"replies":[{"embeddable":true,"href":"http:\/\/bialydunajec.com.pl\/dla-turysty\/wp-json\/wp\/v2\/comments?post=27"}],"version-history":[{"count":19,"href":"http:\/\/bialydunajec.com.pl\/dla-turysty\/wp-json\/wp\/v2\/pages\/27\/revisions"}],"predecessor-version":[{"id":1158,"href":"http:\/\/bialydunajec.com.pl\/dla-turysty\/wp-json\/wp\/v2\/pages\/27\/revisions\/1158"}],"up":[{"embeddable":true,"href":"http:\/\/bialydunajec.com.pl\/dla-turysty\/wp-json\/wp\/v2\/pages\/17"}],"wp:attachment":[{"href":"http:\/\/bialydunajec.com.pl\/dla-turysty\/wp-json\/wp\/v2\/media?parent=27"}],"curies":[{"name":"wp","href":"https:\/\/api.w.org\/{rel}","templated":true}]}}